{"version":"1.0","provider_name":"Association D\u00e9partementale des Chasseurs de Grand Gibier de l&#039;Aveyron","provider_url":"https:\/\/www.ancgg.org\/ad12","title":"Journ\u00e9e Chasse \u00e0 Pradinas (12) - Association D\u00e9partementale des Chasseurs de Grand Gibier de l&#039;Aveyron","type":"rich","width":600,"height":338,"html":"<blockquote class=\"wp-embedded-content\" data-secret=\"HALpLNxfv8\"><a href=\"https:\/\/www.ancgg.org\/ad12\/journee-chasse-a-pradinas-12\/\">Journ\u00e9e Chasse \u00e0 Pradinas (12)<\/a><\/blockquote><iframe sandbox=\"allow-scripts\" security=\"restricted\" src=\"https:\/\/www.ancgg.org\/ad12\/journee-chasse-a-pradinas-12\/embed\/#?secret=HALpLNxfv8\" width=\"600\" height=\"338\" title=\"\u00ab\u00a0Journ\u00e9e Chasse \u00e0 Pradinas (12)\u00a0\u00bb &#8212; Association D\u00e9partementale des Chasseurs de Grand Gibier de l&#039;Aveyron\" data-secret=\"HALpLNxfv8\" frameborder=\"0\" marginwidth=\"0\" marginheight=\"0\" scrolling=\"no\" class=\"wp-embedded-content\"><\/iframe><script type=\"text\/javascript\">\n\/* <![CDATA[ *\/\n\/*! This file is auto-generated *\/\n!function(d,l){\"use strict\";l.querySelector&&d.addEventListener&&\"undefined\"!=typeof URL&&(d.wp=d.wp||{},d.wp.receiveEmbedMessage||(d.wp.receiveEmbedMessage=function(e){var t=e.data;if((t||t.secret||t.message||t.value)&&!\/[^a-zA-Z0-9]\/.test(t.secret)){for(var s,r,n,a=l.querySelectorAll('iframe[data-secret=\"'+t.secret+'\"]'),o=l.querySelectorAll('blockquote[data-secret=\"'+t.secret+'\"]'),c=new RegExp(\"^https?:$\",\"i\"),i=0;i<o.length;i++)o[i].style.display=\"none\";for(i=0;i<a.length;i++)s=a[i],e.source===s.contentWindow&&(s.removeAttribute(\"style\"),\"height\"===t.message?(1e3<(r=parseInt(t.value,10))?r=1e3:~~r<200&&(r=200),s.height=r):\"link\"===t.message&&(r=new URL(s.getAttribute(\"src\")),n=new URL(t.value),c.test(n.protocol))&&n.host===r.host&&l.activeElement===s&&(d.top.location.href=t.value))}},d.addEventListener(\"message\",d.wp.receiveEmbedMessage,!1),l.addEventListener(\"DOMContentLoaded\",function(){for(var e,t,s=l.querySelectorAll(\"iframe.wp-embedded-content\"),r=0;r<s.length;r++)(t=(e=s[r]).getAttribute(\"data-secret\"))||(t=Math.random().toString(36).substring(2,12),e.src+=\"#?secret=\"+t,e.setAttribute(\"data-secret\",t)),e.contentWindow.postMessage({message:\"ready\",secret:t},\"*\")},!1)))}(window,document);\n\/\/# sourceURL=https:\/\/www.ancgg.org\/ad12\/wp-includes\/js\/wp-embed.min.js\n\/* ]]> *\/\n<\/script>\n","thumbnail_url":"https:\/\/www.ancgg.org\/ad12\/wp-content\/uploads\/sites\/19\/2023\/12\/IMG_20231203_171949.jpg","thumbnail_width":2256,"thumbnail_height":2256,"description":"[vc_row][vc_column][vc_column_text]A l\u2019invitation du Pr\u00e9sident de la Soci\u00e9t\u00e9 de Pradinas (Membre de l\u2019ADCGG) c\u2019est le 2 d\u00e9cembre que nous avons particip\u00e9 a une battue sur cette soci\u00e9t\u00e9 de l\u2019ouest Aveyronnais dans un biotope vallonn\u00e9 entrecoup\u00e9 de bois et p\u00e2tures pour essayer de pr\u00e9lever cerfs, daims, chevreuils et sangliers. Les conditions m\u00e9t\u00e9orologiques ne nous furent pas trop [&hellip;]"}